{"id":8234,"date":"2022-07-27T06:59:04","date_gmt":"2022-07-27T06:59:04","guid":{"rendered":"https:\/\/purple-vest.net\/information\/how-will-you-know-that-your-home-is-accessible\/"},"modified":"2023-02-21T07:40:38","modified_gmt":"2023-02-21T07:40:38","slug":"how-will-you-know-that-your-home-is-accessible","status":"publish","type":"information","link":"https:\/\/purple-vest.net\/tr\/information\/how-will-you-know-that-your-home-is-accessible\/","title":{"rendered":"Evinizin eri\u015filebilir oldu\u011funu nas\u0131l anlars\u0131n\u0131z?"},"content":{"rendered":"\n<p>Afet durumunda engellileri ve ya\u015fl\u0131lar\u0131 evinizde a\u011f\u0131rlamay\u0131 kabul etti\u011finiz i\u00e7in te\u015fekk\u00fcr ederiz.<\/p>\n\n\n\n<p>Evinizin misafirlerinizin ihtiya\u00e7lar\u0131na uygun olup olmad\u0131\u011f\u0131n\u0131 anlamak i\u00e7in baz\u0131 bilgileri kontrol etmelisiniz.<\/p>\n\n\n\n<p>Bu maddede, evinizin eri\u015filebilirli\u011finin tan\u0131mlanmas\u0131 saglamak icin temel bir test haz\u0131rlad\u0131k.<\/p>\n\n\n\n<p>Testteki sorular, fiziksel engelli ki\u015filer i\u00e7in eri\u015filebilirlik, i\u015fitme, g\u00f6rme ve ileti\u015fim ile ilgili konulari icerir.<\/p>\n\n\n\n<p>Bu nedenle, farkl\u0131 eri\u015filebilirlik t\u00fcrlerini kapsayacak \u00e7e\u015fitli sorular vard\u0131r.<\/p>\n\n\n\n<p>Bu form, koordinasyon i\u00e7in bir temel olu\u015fturacakt\u0131r. Sonrasinda, konaklama ko\u015fullar\u0131n\u0131n herkes i\u00e7in uygun oldu\u011funa dair bir gorusme ve analiz olacaktir.<\/p>\n\n\n\n<p>For a person with a disability the most accessible home is usually his own home, but in time of war there is no choice, and he must vacate, the options are limited, so any opening of an accessible host home is welcome.<\/p>\n\n\n\n<p>Engelli bir ki\u015fi i\u00e7in en eri\u015filebilir ev genellikle kendi evidir, ancak afet zaman\u0131nda ba\u015fka se\u00e7enek yoktur ve ki\u015finin evini bo\u015faltmas\u0131 gerekir, se\u00e7enekler s\u0131n\u0131rl\u0131d\u0131r. Bu nedenle eri\u015filebilir bir evin bu ki\u015filere a\u00e7\u0131lmas\u0131 onemlidir.<\/p>\n\n\n\n<p>A\u015fa\u011f\u0131da, bir evin eri\u015filebilirli\u011fini a\u00e7\u0131klayan temel bir test bulunmaktad\u0131r.<\/p>\n\n\n\n<p>Engelli Ki\u015filer \u0130\u00e7in Eri\u015filebilir Konaklamaya \u0130li\u015fkin Bilgiler<\/p>\n\n\n\n<p>Ev\/apartman\/oda- oda say\u0131s\u0131 ___ <\/p>\n\n\n\n<p>Ka\u00e7 ki\u015fi i\u00e7in _________ <\/p>\n\n\n\n<p>Ka\u00e7 yeti\u015fkin _________ <\/p>\n\n\n\n<p>Ka\u00e7 \u00e7ocuk________ <\/p>\n\n\n\n<p>Evcil hayvanlar &#8211; ne t\u00fcr? ________ <\/p>\n\n\n\n<p>\u00c7ok g\u00fcr\u00fclt\u00fc var m\u0131? \u015eehir i\u00e7i mi \u015fehir d\u0131\u015f\u0131 m\u0131? <\/p>\n\n\n\n<p>Otopark? Evet \/ Hay\u0131r <\/p>\n\n\n\n<p>Tekerlekli sandalye kullan\u0131c\u0131s\u0131 i\u00e7in Minimum \u00d6l\u00e7\u00fcmler<\/p>\n\n\n\n<p>Giri\u015f geni\u015fli\u011fi= 75 cm <\/p>\n\n\n\n<p>D\u00f6n\u00fc\u015f alan\u0131 \u00f6l\u00e7\u00fcs\u00fc = 150*200 cm <\/p>\n\n\n\n<p>Asans\u00f6r boyutu= 75*120 cm b\u00fcy\u00fck tekerlekli sandalyeler i\u00e7in = 80\/130 cm Y\u00fckseklik (yatak\/tuvalet) = 45\/50 cm<\/p>\n\n\n\n<p>6. Giri\u015f Merdivenleri? Evet Hay\u0131r<\/p>\n\n\n\n<p>Merdiven korkulu\u011fu?  Evet Hay\u0131r <\/p>\n\n\n\n<p>Merdiven say\u0131s\u0131? ____ <\/p>\n\n\n\n<p>Bina giri\u015f geni\u015fli\u011fi (cm) _____ <\/p>\n\n\n\n<p>Rampa? evet\/hay\u0131r, Geni\u015flik? ____, Hangi kat? ______ <\/p>\n\n\n\n<p>Asans\u00f6r? evet\/hay\u0131r , Kap\u0131 geni\u015fli\u011fi(cm)? ____<\/p>\n\n\n\n<p>Uzunluk(cm)? _____<\/p>\n\n\n\n<p>7. Ev Giri\u015f kap\u0131s\u0131 geni\u015fli\u011fi(cm)? _____<\/p>\n\n\n\n<p>Evin i\u00e7indeki merdivenler? Evet Hay\u0131r? <\/p>\n\n\n\n<p>Merdiven korkulu\u011fu? Evet Hay\u0131r? <\/p>\n\n\n\n<p>Merdiven say\u0131s\u0131? ____<\/p>\n\n\n\n<p>8. Yatak Odas\u0131 giri\u015f geni\u015fli\u011fi (cm)? ______<\/p>\n\n\n\n<p>9. Yatak y\u00fcksekli\u011fi(cm)? ______<\/p>\n\n\n\n<p>Yatak \u00f6l\u00e7\u00fcs\u00fc? \u00e7ift\/tek<\/p>\n\n\n\n<p>Yata\u011f\u0131n etraf\u0131nda tekerlekli sandalye ile hareket edilebilecek en az 100 cm bo\u015fluk var m\u0131? Evet Hay\u0131r<\/p>\n\n\n\n<p>L\u00fctfen \u00f6l\u00e7\u00fcn (cm)? ______<\/p>\n\n\n\n<p>Yata\u011f\u0131 hareket ettirmek m\u00fcmk\u00fcn m\u00fc? Evet Hay\u0131r<\/p>\n\n\n\n<p>10. Banyo \u2013 tekerlekli sandalye kullan\u0131c\u0131lar\u0131 i\u00e7in uygun mu? (geni\u015f banyo) evet\/hay\u0131r *m\u00fcmk\u00fcnse \u00f6l\u00e7\u00fcleri ekleyin __<\/p>\n\n\n\n<p>banyo giri\u015f geni\u015fli\u011fi (cm)? ______ <\/p>\n\n\n\n<p>Klozet y\u00fcksekli\u011fi (cm) _____ <\/p>\n\n\n\n<p>du\u015f \/ k\u00fcvet <\/p>\n\n\n\n<p>Kat bo\u015f alan boyutu?<\/p>\n\n\n\n<p>11. Isaret dili biliyor musunuz?<\/p>\n\n\n\n<p>12, Yaz\u0131l\u0131 ileti\u015fim se\u00e7ene\u011finiz var m\u0131?<\/p>\n\n\n\n<p>13. Gerekirse misafirinize yard\u0131mc\u0131 olabilir misiniz?<\/p>\n\n\n\n<p>L\u00fctfen konaklama yerinin foto\u011fraflar\u0131n\u0131 ve videosunu ekleyiniz<\/p>\n\n\n\n<p>Bina Giri\u015fi <\/p>\n\n\n\n<p>merdiven <\/p>\n\n\n\n<p>Kap\u0131 <\/p>\n\n\n\n<p>Oda <\/p>\n\n\n\n<p>Banyo<\/p>\n","protected":false},"template":"","class_list":["post-8234","information","type-information","status-publish","hentry"],"yoast_head":"<!-- This site is optimized with the Yoast SEO plugin v25.8 - https:\/\/yoast.com\/wordpress\/plugins\/seo\/ -->\n<title>Evinizin eri\u015filebilir oldu\u011funu nas\u0131l anlars\u0131n\u0131z? | Purple Vest Mission<\/title>\n<meta name=\"robots\" content=\"index, follow, max-snippet:-1, max-image-preview:large, max-video-preview:-1\" \/>\n<link rel=\"canonical\" href=\"https:\/\/purple-vest.net\/tr\/information\/how-will-you-know-that-your-home-is-accessible\/\" \/>\n<meta property=\"og:locale\" content=\"tr_TR\" \/>\n<meta property=\"og:type\" content=\"article\" \/>\n<meta property=\"og:title\" content=\"Evinizin eri\u015filebilir oldu\u011funu nas\u0131l anlars\u0131n\u0131z? | Purple Vest Mission\" \/>\n<meta property=\"og:description\" content=\"Afet durumunda engellileri ve ya\u015fl\u0131lar\u0131 evinizde a\u011f\u0131rlamay\u0131 kabul etti\u011finiz i\u00e7in te\u015fekk\u00fcr ederiz. Evinizin misafirlerinizin ihtiya\u00e7lar\u0131na uygun olup olmad\u0131\u011f\u0131n\u0131 anlamak i\u00e7in baz\u0131 bilgileri kontrol etmelisiniz. Bu maddede, evinizin eri\u015filebilirli\u011finin tan\u0131mlanmas\u0131 saglamak icin temel bir test haz\u0131rlad\u0131k. Testteki sorular, fiziksel engelli ki\u015filer i\u00e7in eri\u015filebilirlik, i\u015fitme, g\u00f6rme ve ileti\u015fim ile ilgili konulari icerir. Bu nedenle, farkl\u0131 eri\u015filebilirlik t\u00fcrlerini [&hellip;]\" \/>\n<meta property=\"og:url\" content=\"https:\/\/purple-vest.net\/tr\/information\/how-will-you-know-that-your-home-is-accessible\/\" \/>\n<meta property=\"og:site_name\" content=\"Purple Vest Mission\" \/>\n<meta property=\"article:publisher\" content=\"https:\/\/www.facebook.com\/Negishut.Israel\" \/>\n<meta property=\"article:modified_time\" content=\"2023-02-21T07:40:38+00:00\" \/>\n<meta property=\"og:image\" content=\"https:\/\/purple-vest.net\/wp-content\/uploads\/2022\/05\/b.jpg\" \/>\n\t<meta property=\"og:image:width\" content=\"876\" \/>\n\t<meta property=\"og:image:height\" content=\"682\" \/>\n\t<meta property=\"og:image:type\" content=\"image\/jpeg\" \/>\n<meta name=\"twitter:card\" content=\"summary_large_image\" \/>\n<meta name=\"twitter:site\" content=\"@AccessIL\" \/>\n<meta name=\"twitter:label1\" content=\"Tahmini okuma s\u00fcresi\" \/>\n\t<meta name=\"twitter:data1\" content=\"2 dakika\" \/>\n<script type=\"application\/ld+json\" class=\"yoast-schema-graph\">{\"@context\":\"https:\/\/schema.org\",\"@graph\":[{\"@type\":\"WebPage\",\"@id\":\"https:\/\/purple-vest.net\/tr\/information\/how-will-you-know-that-your-home-is-accessible\/\",\"url\":\"https:\/\/purple-vest.net\/tr\/information\/how-will-you-know-that-your-home-is-accessible\/\",\"name\":\"Evinizin eri\u015filebilir oldu\u011funu nas\u0131l anlars\u0131n\u0131z? | Purple Vest Mission\",\"isPartOf\":{\"@id\":\"https:\/\/purple-vest.net\/#website\"},\"datePublished\":\"2022-07-27T06:59:04+00:00\",\"dateModified\":\"2023-02-21T07:40:38+00:00\",\"breadcrumb\":{\"@id\":\"https:\/\/purple-vest.net\/tr\/information\/how-will-you-know-that-your-home-is-accessible\/#breadcrumb\"},\"inLanguage\":\"tr\",\"potentialAction\":[{\"@type\":\"ReadAction\",\"target\":[\"https:\/\/purple-vest.net\/tr\/information\/how-will-you-know-that-your-home-is-accessible\/\"]}]},{\"@type\":\"BreadcrumbList\",\"@id\":\"https:\/\/purple-vest.net\/tr\/information\/how-will-you-know-that-your-home-is-accessible\/#breadcrumb\",\"itemListElement\":[{\"@type\":\"ListItem\",\"position\":1,\"name\":\"Home\",\"item\":\"https:\/\/purple-vest.net\/\"},{\"@type\":\"ListItem\",\"position\":2,\"name\":\"Importamt Information\",\"item\":\"https:\/\/purple-vest.net\/information\/\"},{\"@type\":\"ListItem\",\"position\":3,\"name\":\"Evinizin eri\u015filebilir oldu\u011funu nas\u0131l anlars\u0131n\u0131z?\"}]},{\"@type\":\"WebSite\",\"@id\":\"https:\/\/purple-vest.net\/#website\",\"url\":\"https:\/\/purple-vest.net\/\",\"name\":\"Purple Vest Mission\",\"description\":\"Purple Vest Mission - Leave no one behind | By Access Israel | Supported by The Nippon Foundation\",\"publisher\":{\"@id\":\"https:\/\/purple-vest.net\/#organization\"},\"potentialAction\":[{\"@type\":\"SearchAction\",\"target\":{\"@type\":\"EntryPoint\",\"urlTemplate\":\"https:\/\/purple-vest.net\/?s={search_term_string}\"},\"query-input\":{\"@type\":\"PropertyValueSpecification\",\"valueRequired\":true,\"valueName\":\"search_term_string\"}}],\"inLanguage\":\"tr\"},{\"@type\":\"Organization\",\"@id\":\"https:\/\/purple-vest.net\/#organization\",\"name\":\"Purple Vest Mission\",\"url\":\"https:\/\/purple-vest.net\/\",\"logo\":{\"@type\":\"ImageObject\",\"inLanguage\":\"tr\",\"@id\":\"https:\/\/purple-vest.net\/#\/schema\/logo\/image\/\",\"url\":\"https:\/\/purple-vest.net\/wp-content\/uploads\/2022\/05\/Purple-Vest-Logo-finalxx.svg\",\"contentUrl\":\"https:\/\/purple-vest.net\/wp-content\/uploads\/2022\/05\/Purple-Vest-Logo-finalxx.svg\",\"width\":841,\"height\":216,\"caption\":\"Purple Vest Mission\"},\"image\":{\"@id\":\"https:\/\/purple-vest.net\/#\/schema\/logo\/image\/\"},\"sameAs\":[\"https:\/\/www.facebook.com\/Negishut.Israel\",\"https:\/\/x.com\/AccessIL\",\"https:\/\/www.instagram.com\/negishut_israel\/\",\"https:\/\/www.youtube.com\/user\/AisraelORG#pu\"]}]}<\/script>\n<!-- \/ Yoast SEO plugin. -->","yoast_head_json":{"title":"Evinizin eri\u015filebilir oldu\u011funu nas\u0131l anlars\u0131n\u0131z? | Purple Vest Mission","robots":{"index":"index","follow":"follow","max-snippet":"max-snippet:-1","max-image-preview":"max-image-preview:large","max-video-preview":"max-video-preview:-1"},"canonical":"https:\/\/purple-vest.net\/tr\/information\/how-will-you-know-that-your-home-is-accessible\/","og_locale":"tr_TR","og_type":"article","og_title":"Evinizin eri\u015filebilir oldu\u011funu nas\u0131l anlars\u0131n\u0131z? | Purple Vest Mission","og_description":"Afet durumunda engellileri ve ya\u015fl\u0131lar\u0131 evinizde a\u011f\u0131rlamay\u0131 kabul etti\u011finiz i\u00e7in te\u015fekk\u00fcr ederiz. Evinizin misafirlerinizin ihtiya\u00e7lar\u0131na uygun olup olmad\u0131\u011f\u0131n\u0131 anlamak i\u00e7in baz\u0131 bilgileri kontrol etmelisiniz. Bu maddede, evinizin eri\u015filebilirli\u011finin tan\u0131mlanmas\u0131 saglamak icin temel bir test haz\u0131rlad\u0131k. Testteki sorular, fiziksel engelli ki\u015filer i\u00e7in eri\u015filebilirlik, i\u015fitme, g\u00f6rme ve ileti\u015fim ile ilgili konulari icerir. Bu nedenle, farkl\u0131 eri\u015filebilirlik t\u00fcrlerini [&hellip;]","og_url":"https:\/\/purple-vest.net\/tr\/information\/how-will-you-know-that-your-home-is-accessible\/","og_site_name":"Purple Vest Mission","article_publisher":"https:\/\/www.facebook.com\/Negishut.Israel","article_modified_time":"2023-02-21T07:40:38+00:00","og_image":[{"width":876,"height":682,"url":"https:\/\/purple-vest.net\/wp-content\/uploads\/2022\/05\/b.jpg","type":"image\/jpeg"}],"twitter_card":"summary_large_image","twitter_site":"@AccessIL","twitter_misc":{"Tahmini okuma s\u00fcresi":"2 dakika"},"schema":{"@context":"https:\/\/schema.org","@graph":[{"@type":"WebPage","@id":"https:\/\/purple-vest.net\/tr\/information\/how-will-you-know-that-your-home-is-accessible\/","url":"https:\/\/purple-vest.net\/tr\/information\/how-will-you-know-that-your-home-is-accessible\/","name":"Evinizin eri\u015filebilir oldu\u011funu nas\u0131l anlars\u0131n\u0131z? | Purple Vest Mission","isPartOf":{"@id":"https:\/\/purple-vest.net\/#website"},"datePublished":"2022-07-27T06:59:04+00:00","dateModified":"2023-02-21T07:40:38+00:00","breadcrumb":{"@id":"https:\/\/purple-vest.net\/tr\/information\/how-will-you-know-that-your-home-is-accessible\/#breadcrumb"},"inLanguage":"tr","potentialAction":[{"@type":"ReadAction","target":["https:\/\/purple-vest.net\/tr\/information\/how-will-you-know-that-your-home-is-accessible\/"]}]},{"@type":"BreadcrumbList","@id":"https:\/\/purple-vest.net\/tr\/information\/how-will-you-know-that-your-home-is-accessible\/#breadcrumb","itemListElement":[{"@type":"ListItem","position":1,"name":"Home","item":"https:\/\/purple-vest.net\/"},{"@type":"ListItem","position":2,"name":"Importamt Information","item":"https:\/\/purple-vest.net\/information\/"},{"@type":"ListItem","position":3,"name":"Evinizin eri\u015filebilir oldu\u011funu nas\u0131l anlars\u0131n\u0131z?"}]},{"@type":"WebSite","@id":"https:\/\/purple-vest.net\/#website","url":"https:\/\/purple-vest.net\/","name":"Purple Vest Mission","description":"Purple Vest Mission - Leave no one behind | By Access Israel | Supported by The Nippon Foundation","publisher":{"@id":"https:\/\/purple-vest.net\/#organization"},"potentialAction":[{"@type":"SearchAction","target":{"@type":"EntryPoint","urlTemplate":"https:\/\/purple-vest.net\/?s={search_term_string}"},"query-input":{"@type":"PropertyValueSpecification","valueRequired":true,"valueName":"search_term_string"}}],"inLanguage":"tr"},{"@type":"Organization","@id":"https:\/\/purple-vest.net\/#organization","name":"Purple Vest Mission","url":"https:\/\/purple-vest.net\/","logo":{"@type":"ImageObject","inLanguage":"tr","@id":"https:\/\/purple-vest.net\/#\/schema\/logo\/image\/","url":"https:\/\/purple-vest.net\/wp-content\/uploads\/2022\/05\/Purple-Vest-Logo-finalxx.svg","contentUrl":"https:\/\/purple-vest.net\/wp-content\/uploads\/2022\/05\/Purple-Vest-Logo-finalxx.svg","width":841,"height":216,"caption":"Purple Vest Mission"},"image":{"@id":"https:\/\/purple-vest.net\/#\/schema\/logo\/image\/"},"sameAs":["https:\/\/www.facebook.com\/Negishut.Israel","https:\/\/x.com\/AccessIL","https:\/\/www.instagram.com\/negishut_israel\/","https:\/\/www.youtube.com\/user\/AisraelORG#pu"]}]}},"_links":{"self":[{"href":"https:\/\/purple-vest.net\/tr\/wp-json\/wp\/v2\/information\/8234","targetHints":{"allow":["GET"]}}],"collection":[{"href":"https:\/\/purple-vest.net\/tr\/wp-json\/wp\/v2\/information"}],"about":[{"href":"https:\/\/purple-vest.net\/tr\/wp-json\/wp\/v2\/types\/information"}],"wp:attachment":[{"href":"https:\/\/purple-vest.net\/tr\/wp-json\/wp\/v2\/media?parent=8234"}],"curies":[{"name":"wp","href":"https:\/\/api.w.org\/{rel}","templated":true}]}}